{"version":"1.0","provider_name":"Napf\u00e9ny","provider_url":"https:\/\/napfeny.cafeblog.hu","author_name":"Napf\u00e9ny","author_url":"https:\/\/napfeny.cafeblog.hu\/author\/napfeny\/","title":"Kell a m\u00e1gia!","html":"<P>&nbsp;<\/P>\r\n<P align=center><SPAN style=\"COLOR: #be2f02\"><IMG class=blogkep style=\"WIDTH: 486px; HEIGHT: 346px\" height=415 src=\"https:\/\/napfeny.cafeblog.hu\/files\/Dearanta.jpg\" width=430><\/SPAN><\/P>\r\n<P><SPAN style=\"COLOR: #be2f02\">A gyerekeknek sz\u00fcks\u00e9g\u00fck van arra, hogy higgyenek a var\u00e1zslatos l\u00e9nyekben. A Mikul\u00e1s k\u00fcl\u00f6n\u00f6sen fontos l\u00e9ny, hiszen csak a gyerekeknek hoz aj\u00e1nd\u00e9kot. - N\u00e9ha a feln\u0151tteknek is!- A Mikul\u00e1s, aki kital\u00e1lta a legbels\u0151 gondolataikat, iderep\u00fclt hetedh\u00e9t orsz\u00e1gon \u00e1t, hogy egy var\u00e1zslatos \u00e9jszak\u00e1n elrejtse aj\u00e1nd\u00e9kait . <IMG class=blogkep src=\"https:\/\/napfeny.cafeblog.hu\/files\/csizma.gif\" align=right><\/SPAN><\/P><SPAN style=\"COLOR: #be2f02\">\r\n<P class=MsoNormal style=\"MARGIN: 0cm 0cm 0pt\"><SPAN style=\"COLOR: #be2f02\">A gyerekek kedvenc \u00fcnnepei a sz\u00fclet\u00e9snapjuk, a Kar\u00e1csony, vagy a Mikul\u00e1s, aki term\u00e9szetesen, els\u0151sorban csak nekik, gyerekeknek hoz aj\u00e1nd\u00e9kot.<?xml:namespace prefix = o ns = \"urn:schemas-microsoft-com:office:office\" \/><o:p><\/o:p><\/SPAN><\/P>\r\n<P class=MsoNormal style=\"MARGIN: 0cm 0cm 0pt\"><SPAN style=\"COLOR: #be2f02\">Ha ezeket az alkalmakat kell\u0151k\u00e9pp meg\u00fcnnepelj\u00fck, akkor f\u00e9ny\u00fck a h\u00e9tk\u00f6znapokat is beragyogja. Kiemelked\u0151 helyet foglalnak majd el a gyerek \u00e9let\u00e9ben, \u00e9s k\u00e9s\u0151bb eml\u00e9k\u00fck \u00e9lni fog a feln\u0151tt\u00e9vekben is.<\/SPAN><\/P>\r\n<P class=MsoNormal style=\"MARGIN: 0cm 0cm 0pt\"><SPAN style=\"COLOR: #be2f02\"><\/SPAN>&nbsp;<\/P><SPAN style=\"COLOR: #be2f02\"><o:p>\r\n<P style=\"MARGIN-LEFT: 18pt\" align=center><B style=\"mso-bidi-font-weight: normal\"><SPAN style=\"COLOR: #006600\">Kov\u00e1cs Zs\u00f3ka <SPAN style=\"mso-spacerun: yes\">&nbsp;&nbsp;&nbsp;&nbsp;&nbsp;&nbsp;&nbsp;&nbsp;&nbsp;&nbsp;&nbsp;&nbsp;&nbsp;&nbsp;&nbsp;&nbsp;&nbsp; <\/SPAN><\/SPAN><\/B><SPAN style=\"COLOR: #006600\"><o:p><\/o:p><\/SPAN><\/P>\r\n<P style=\"MARGIN-LEFT: 18pt\" align=center><B style=\"mso-bidi-font-weight: normal\"><SPAN style=\"COLOR: #006600\"><SPAN style=\"mso-spacerun: yes\">&nbsp;&nbsp;&nbsp;&nbsp;&nbsp; <\/SPAN>T\u00e9lap\u00f3v\u00e1r\u00f3<BR><\/SPAN><\/B><SPAN style=\"COLOR: #006600\"><BR>Ki kopog az ablakomon?<BR>Ajt\u00f3mban ki \u00e1ll?<BR>Izgatottan dobog sz\u00edvem,<BR>S k\u00fcnn a h\u00f3 szit\u00e1l.<BR><BR><BR>Megj\u00f6tt\u00e9l h\u00e1t T\u00e9lap\u00f3?<BR>Jaj, de nagyon v\u00e1rtalak!<BR>Ujjaimon sz\u00e1molgattam,&nbsp;<BR>Mikor j\u00f6n el ez a nap.<BR><BR><BR>Vedd le h\u00e1t a h\u00e1tizs\u00e1kod,<BR>hogy pihenjen v\u00e1llad,<BR>Addig \u00e9n majd simogatom,<BR>h\u00f3pelyhes szak\u00e1llad.<\/SPAN><\/o:p><\/SPAN><\/P>\r\n<P align=center><o:p><IMG class=blogkep style=\"WIDTH: 462px; HEIGHT: 247px\" height=265 src=\"https:\/\/napfeny.cafeblog.hu\/files\/mikulasmanok.gif\" width=524><\/o:p><\/P>\r\n<P align=center><o:p><\/o:p>&nbsp;<\/P><\/SPAN>","type":"rich"}